{"id":672,"date":"2014-05-21T21:23:23","date_gmt":"2014-05-21T20:23:23","guid":{"rendered":"http:\/\/v2.parlonslamort.fr\/?page_id=672"},"modified":"2014-10-21T22:16:17","modified_gmt":"2014-10-21T21:16:17","slug":"pourquoi-une-telle-campagne","status":"publish","type":"page","link":"https:\/\/www.parlonslamort.fr\/?page_id=672","title":{"rendered":"Enqu\u00eate sur le tabou de la mort"},"content":{"rendered":"<div class=\"su-row\">\n<div class=\"su-column su-column-size-1-2\"><div class=\"su-column-inner su-u-clearfix su-u-trim\">\n<p><em> Animateur du projet &#8220;Parlons la mort&#8230; pour la Vie&#8221;, Tugdual Derville, d\u00e9l\u00e9gu\u00e9 g\u00e9n\u00e9ral de VITA, r\u00e9pond aux questions de Fr\u00e9d\u00e9ric Aimard faisant le point sur cette campagne.<\/em><\/p>\n<ul>\n<li>\n<h4><span style=\"color: #f36b21;\"><strong>Vous reliez donc mort et vie\u2026<\/strong><\/span><\/h4>\n<\/li>\n<\/ul>\n<p>Oui. Pour l\u2019homme, la conscience de sa mort est un fantastique moteur d\u2019humanisation. A l\u2019inverse, perdre de vue la mort, c\u2019est perdre le sens de la vie. La \u00ab\u202fculture de mort\u202f\u00bb va donc de pair avec l\u2019oc-cultation de la mort\u2009: corbillards banalis\u00e9s, appauvrissement des rites fun\u00e9raires\u2026 jusqu\u2019au grand silence. Ce tabou absolu est le drame de notre temps. Alliance VITA, qui fonde son action sur l\u2019\u00e9coute, a donc choisi d\u2019aller \u00e0 la rencontre des Fran\u00e7ais pour leur offrir cette \u00e9coute.<!--more--><\/p>\n<ul>\n<li>\n<h4><span style=\"color: #f36b21;\"><strong>Ne dit-on pas que la mort, comme le soleil, ne peut se regarder en face\u2009?<\/strong><\/span><\/h4>\n<\/li>\n<\/ul>\n<p>Ce qu\u2019il y a de sain dans ce tabou demeurera, car chacun ne l\u00e8ve du voile que ce qui pr\u00e9serve sa pudeur. Mais il s\u2019agit bien de lib\u00e9rer une parole sur la mort. <em>Parler la mort\u2026 pour la vie <\/em>(c\u2019est le titre de notre campagne) offre aux passants comme aux volontaires d\u2019Alliance VITA d\u2019engager une conversation essentielle. C\u2019est lib\u00e9rateur et consolateur. Nous leur proposons d\u2019\u00e9changer sur le sujet de la fin de vie, et, au terme de la discussion, de se faire photographier avec un \u00ab\u202fverbatim\u202f\u00bb qu\u2019ils ont eux-m\u00eames \u00e9crit. Il r\u00e9pond \u00e0 la question\u2009: <em>\u00ab\u202fQu\u2019est-ce que la mort d\u2019un proche m\u2019a appris pour ma vie\u2009?\u202f\u00bb<\/em> Nous atteindrons bient\u00f4t 1\u2009000 verbatims.<\/p>\n<ul>\n<li>\n<h4><span style=\"color: #f36b21;\"> <strong>N&#8217;est-ce pas difficile de parler de la mort\u2009?<\/strong><\/span><\/h4>\n<\/li>\n<\/ul>\n<p>Ce qui a \u00e9t\u00e9 le plus difficile pour VITA, c\u2019est de surmonter nos propres peurs. Nous avons commenc\u00e9 par tester ce projet dans une dizaine de villes, pour nous prouver sa pertinence. Mais le r\u00e9sultat a \u00e9t\u00e9 tel que plus de cent \u00e9quipes s\u2019y sont d\u00e9j\u00e0 engag\u00e9es. Nous avons des refus, bien s\u00fbr, et c\u2019est tr\u00e8s l\u00e9gitime. Mais tr\u00e8s peu de critiques. Nous vivons au contraire des rencontres magnifiques. Et nos volontaires reviennent \u00e9merveill\u00e9s avec un sentiment d\u2019avoir partag\u00e9 une paix profonde.<\/p>\n<ul>\n<li>\n<h4><span style=\"color: #f36b21;\"><strong>Parler de ce sujet procure de la paix\u2009?<\/strong><\/span><\/h4>\n<\/li>\n<\/ul>\n<p>La conscience partag\u00e9e de la mort r\u00e9pond \u00e0 une soif intime\u2009: la mort \u00e9tant notre destin commun, en parler nous ouvre \u00e0 la fraternit\u00e9 universelle. Sans faux-semblant. Discuter entre \u00ab\u202fmortels\u202f\u00bb, c\u2019est parler vrai, en \u00eatres fragiles. La mort corporelle est l\u2019antidote \u00e0 notre tentation de toute-puissance. D\u2019o\u00f9 l\u2019importance des rites de deuil. Chacun de nous sait bien que notre participation \u00e0 des obs\u00e8ques fait appel au meilleur de nous-m\u00eames. La mort d\u2019autrui, pas seulement d\u2019un proche, r\u00e9sonne comme un envoi\u2009: elle nous incite \u00e0 donner le meilleur au reste de notre vie.<\/p>\n<ul>\n<li>\n<h4><span style=\"color: #f36b21;\"><strong>Pourquoi cette d\u00e9marche originale alors que le d\u00e9bat sur l\u2019euthanasie est sans cesse relanc\u00e9\u2009?<\/strong><\/span><\/h4>\n<\/li>\n<\/ul>\n<p>Les revendications de l\u2019euthanasie et du suicide assist\u00e9 n\u2019arrivent pas par hasard. Elles s\u2019inscrivent dans des cultures d\u00e9sempar\u00e9es, en qu\u00eate de rep\u00e8res\u2026 L\u2019euthanasie est une fa\u00e7on paradoxale d\u2019escamoter la mort en la ma\u00eetrisant. Sur ce sujet, la Belgique nage en pleine confusion\u2026 Car la mort est le rep\u00e8re par excellence, \u00e0 la fois in\u00e9luctable et intouchable. C\u2019est notre ligne d\u2019horizon \u00e0 tous, le seul point commun entre tous les vivants sur la plan\u00e8te.<\/p>\n<ul>\n<li>\n<h4><span style=\"color: #f36b21;\"><strong>Quelles sont les suites de cette campagne, et peut-on y participer\u2009?<\/strong><\/span><\/h4>\n<\/li>\n<\/ul>\n<p>Ce projet est si \u00ab\u202funiversel\u202f\u00bb que nous pensons \u00e0 de multiples suites, gr\u00e2ce \u00e0 la richesse des verbatims\u2009: publications, exposition, colloque\u2026 Nous avons d\u00e9j\u00e0 ouvert un site Internet (<a title=\"Parlons la mort\" href=\"https:\/\/www.parlonslamort.fr\" target=\"_blank\">www.parlonslamort.fr<\/a>) et une page Facebook d\u00e9di\u00e9e. Nous proposons \u00e0 chaque personne d\u2019y participer en se prenant en photo avec son propre verbatim. Il suffit d\u2019envoyer la photographie \u00e0 &#8220;contact @ parlons la mort . fr&#8221; en respectant le code graphique de cette campagne\u2009: un losange : signe de vie, d\u2019\u00e9change et de transmission.<\/p>\n<\/div><\/div>\n<div class=\"su-column su-column-size-1-2\"><div class=\"su-column-inner su-u-clearfix su-u-trim\"> <!--W4PL_List_619-->\n<div id=\"w4pl-list-619\" class=\"w4pl\">\n\t<div id=\"w4pl-inner-619\" class=\"w4pl-inner\">\n\t\t<div class=\"decrypt-list\">\r\n<h2><a href=\"https:\/\/www.parlonslamort.fr\/?page_id=623\" ><a class=\"post_title w4pl_post_title\" href=\"https:\/\/www.parlonslamort.fr\/?page_id=623\" title=\"View Liste des expositions dans toute la France\">Liste des expositions dans toute la France<\/a><\/a><\/h2>\r\n<a href=\"https:\/\/www.parlonslamort.fr\/?page_id=623\"><img loading=\"lazy\" decoding=\"async\" width=\"500\" height=\"500\" src=\"https:\/\/www.parlonslamort.fr\/wp-content\/uploads\/2014\/10\/exposition_parlonslamort_france.jpg\" class=\"attachment-120 size-120\" alt=\"\" size=\"120\" return=\"\" output=\"\" srcset=\"https:\/\/www.parlonslamort.fr\/wp-content\/uploads\/2014\/10\/exposition_parlonslamort_france.jpg 500w, https:\/\/www.parlonslamort.fr\/wp-content\/uploads\/2014\/10\/exposition_parlonslamort_france-150x150.jpg 150w, https:\/\/www.parlonslamort.fr\/wp-content\/uploads\/2014\/10\/exposition_parlonslamort_france-300x300.jpg 300w\" sizes=\"(max-width: 500px) 100vw, 500px\" \/><\/a>\r\n\r\n<div class=\"post-excerpt\">Cette exposition, fruit de plusieurs mois d'enqu\u00eate sur la mort aupr\u00e8s des Fran\u00e7ais, rend compte de la richesse des r\u00e9ponses\u2026<\/div><\/br>\r\n<a class=\"read_more\" href=\"https:\/\/www.parlonslamort.fr\/?page_id=623\" title=\"Lire la suite  Liste des expositions dans toute la France\">Lire la suite <\/a>\r\n<\/div>\r\n\r\n<div class=\"decrypt-list\">\r\n<h2><a href=\"https:\/\/www.parlonslamort.fr\/?page_id=657\" ><a class=\"post_title w4pl_post_title\" href=\"https:\/\/www.parlonslamort.fr\/?page_id=657\" title=\"View Qu&#8217;est ce que &#8220;parler la mort&#8221; dans notre vie ?\">Qu&#8217;est ce que &#8220;parler la mort&#8221; dans notre vie ?<\/a><\/a><\/h2>\r\n<a href=\"https:\/\/www.parlonslamort.fr\/?page_id=657\"><img loading=\"lazy\" decoding=\"async\" width=\"500\" height=\"500\" src=\"https:\/\/www.parlonslamort.fr\/wp-content\/uploads\/2014\/10\/christian_de_cacqueray.jpg\" class=\"attachment-120 size-120\" alt=\"\" size=\"120\" return=\"\" output=\"\" srcset=\"https:\/\/www.parlonslamort.fr\/wp-content\/uploads\/2014\/10\/christian_de_cacqueray.jpg 500w, https:\/\/www.parlonslamort.fr\/wp-content\/uploads\/2014\/10\/christian_de_cacqueray-150x150.jpg 150w, https:\/\/www.parlonslamort.fr\/wp-content\/uploads\/2014\/10\/christian_de_cacqueray-300x300.jpg 300w\" sizes=\"(max-width: 500px) 100vw, 500px\" \/><\/a>\r\n\r\n<div class=\"post-excerpt\">Regard de Christian de Cacqueray, auteur de \u00ab La mort confisqu\u00e9e \u00bb, sur les diff\u00e9rentes occasions de \"parler la mort\"\u2026<\/div><\/br>\r\n<a class=\"read_more\" href=\"https:\/\/www.parlonslamort.fr\/?page_id=657\" title=\"Lire la suite  Qu&#8217;est ce que &#8220;parler la mort&#8221; dans notre vie ?\">Lire la suite <\/a>\r\n<\/div>\r\n\r\n<div class=\"decrypt-list\">\r\n<h2><a href=\"https:\/\/www.parlonslamort.fr\/?page_id=667\" ><a class=\"post_title w4pl_post_title\" href=\"https:\/\/www.parlonslamort.fr\/?page_id=667\" title=\"View Pourquoi &#8220;parlons la mort&#8221; ?\">Pourquoi &#8220;parlons la mort&#8221; ?<\/a><\/a><\/h2>\r\n<a href=\"https:\/\/www.parlonslamort.fr\/?page_id=667\"><img loading=\"lazy\" decoding=\"async\" width=\"500\" height=\"500\" src=\"https:\/\/www.parlonslamort.fr\/wp-content\/uploads\/2014\/10\/tugdual_derville.jpg\" class=\"attachment-120 size-120\" alt=\"\" size=\"120\" return=\"\" output=\"\" srcset=\"https:\/\/www.parlonslamort.fr\/wp-content\/uploads\/2014\/10\/tugdual_derville.jpg 500w, https:\/\/www.parlonslamort.fr\/wp-content\/uploads\/2014\/10\/tugdual_derville-150x150.jpg 150w, https:\/\/www.parlonslamort.fr\/wp-content\/uploads\/2014\/10\/tugdual_derville-300x300.jpg 300w\" sizes=\"(max-width: 500px) 100vw, 500px\" \/><\/a>\r\n\r\n<div class=\"post-excerpt\">Nous ne pr\u00e9tendions pas lever au forceps ce que le tabou sur ce concept de \u00ab mort \u00bb a d\u2019in\u00e9vitable,\u2026<\/div><\/br>\r\n<a class=\"read_more\" href=\"https:\/\/www.parlonslamort.fr\/?page_id=667\" title=\"Lire la suite  Pourquoi &#8220;parlons la mort&#8221; ?\">Lire la suite <\/a>\r\n<\/div>\r\n\r\n<div class=\"decrypt-list\">\r\n<h2><a href=\"https:\/\/www.parlonslamort.fr\/?page_id=597\" ><a class=\"post_title w4pl_post_title\" href=\"https:\/\/www.parlonslamort.fr\/?page_id=597\" title=\"View Des mots sur des maux&#8230;\">Des mots sur des maux&#8230;<\/a><\/a><\/h2>\r\n<a href=\"https:\/\/www.parlonslamort.fr\/?page_id=597\"><img loading=\"lazy\" decoding=\"async\" width=\"500\" height=\"500\" src=\"https:\/\/www.parlonslamort.fr\/wp-content\/uploads\/2014\/10\/desmot_sur_des_mots.jpg\" class=\"attachment-120 size-120\" alt=\"\" size=\"120\" return=\"\" output=\"\" srcset=\"https:\/\/www.parlonslamort.fr\/wp-content\/uploads\/2014\/10\/desmot_sur_des_mots.jpg 500w, https:\/\/www.parlonslamort.fr\/wp-content\/uploads\/2014\/10\/desmot_sur_des_mots-150x150.jpg 150w, https:\/\/www.parlonslamort.fr\/wp-content\/uploads\/2014\/10\/desmot_sur_des_mots-300x300.jpg 300w\" sizes=\"(max-width: 500px) 100vw, 500px\" \/><\/a>\r\n\r\n<div class=\"post-excerpt\">Les personnes se r\u00e9jouissent simplement d\u2019 \u00ab avoir \u00e9t\u00e9 l\u00e0 \u00bb. Parfois \u00ab en silence \u00bb. Est-ce une fa\u00e7on de\u2026<\/div><\/br>\r\n<a class=\"read_more\" href=\"https:\/\/www.parlonslamort.fr\/?page_id=597\" title=\"Lire la suite  Des mots sur des maux&#8230;\">Lire la suite <\/a>\r\n<\/div>\r\n\r\n<div class=\"decrypt-list\">\r\n<h2><a href=\"https:\/\/www.parlonslamort.fr\/?page_id=599\" ><a class=\"post_title w4pl_post_title\" href=\"https:\/\/www.parlonslamort.fr\/?page_id=599\" title=\"View Le t\u00e9moignage \u00e9difie le t\u00e9moin\">Le t\u00e9moignage \u00e9difie le t\u00e9moin<\/a><\/a><\/h2>\r\n<a href=\"https:\/\/www.parlonslamort.fr\/?page_id=599\"><img loading=\"lazy\" decoding=\"async\" width=\"500\" height=\"500\" src=\"https:\/\/www.parlonslamort.fr\/wp-content\/uploads\/2014\/10\/t\u00e9moins_t\u00e9moignage.jpg\" class=\"attachment-120 size-120\" alt=\"\" size=\"120\" return=\"\" output=\"\" srcset=\"https:\/\/www.parlonslamort.fr\/wp-content\/uploads\/2014\/10\/t\u00e9moins_t\u00e9moignage.jpg 500w, https:\/\/www.parlonslamort.fr\/wp-content\/uploads\/2014\/10\/t\u00e9moins_t\u00e9moignage-150x150.jpg 150w, https:\/\/www.parlonslamort.fr\/wp-content\/uploads\/2014\/10\/t\u00e9moins_t\u00e9moignage-300x300.jpg 300w\" sizes=\"(max-width: 500px) 100vw, 500px\" \/><\/a>\r\n\r\n<div class=\"post-excerpt\">Ce qui a \u00e9t\u00e9 le plus difficile pour VITA, c\u2019est de surmonter nos propres peurs. Nous avons commenc\u00e9 par tester\u2026<\/div><\/br>\r\n<a class=\"read_more\" href=\"https:\/\/www.parlonslamort.fr\/?page_id=599\" title=\"Lire la suite  Le t\u00e9moignage \u00e9difie le t\u00e9moin\">Lire la suite <\/a>\r\n<\/div>\r\n\r\n<div class=\"decrypt-list\">\r\n<h2><a href=\"https:\/\/www.parlonslamort.fr\/?page_id=672\" ><a class=\"post_title w4pl_post_title\" href=\"https:\/\/www.parlonslamort.fr\/?page_id=672\" title=\"View Enqu\u00eate sur le tabou de la mort\">Enqu\u00eate sur le tabou de la mort<\/a><\/a><\/h2>\r\n<a href=\"https:\/\/www.parlonslamort.fr\/?page_id=672\"><img loading=\"lazy\" decoding=\"async\" width=\"500\" height=\"500\" src=\"https:\/\/www.parlonslamort.fr\/wp-content\/uploads\/2014\/05\/parlonslamort.jpg\" class=\"attachment-120 size-120\" alt=\"\" size=\"120\" return=\"\" output=\"\" srcset=\"https:\/\/www.parlonslamort.fr\/wp-content\/uploads\/2014\/05\/parlonslamort.jpg 500w, https:\/\/www.parlonslamort.fr\/wp-content\/uploads\/2014\/05\/parlonslamort-150x150.jpg 150w, https:\/\/www.parlonslamort.fr\/wp-content\/uploads\/2014\/05\/parlonslamort-300x300.jpg 300w\" sizes=\"(max-width: 500px) 100vw, 500px\" \/><\/a>\r\n\r\n<div class=\"post-excerpt\">Pour l\u2019homme, la conscience de sa mort est un fantastique moteur d\u2019humanisation. A l\u2019inverse, perdre de vue la mort, c\u2019est\u2026<\/div><\/br>\r\n<a class=\"read_more\" href=\"https:\/\/www.parlonslamort.fr\/?page_id=672\" title=\"Lire la suite  Enqu\u00eate sur le tabou de la mort\">Lire la suite <\/a>\r\n<\/div>\r\n\r\n<div class=\"decrypt-list\">\r\n<h2><a href=\"https:\/\/www.parlonslamort.fr\/?page_id=730\" ><a class=\"post_title w4pl_post_title\" href=\"https:\/\/www.parlonslamort.fr\/?page_id=730\" title=\"View Philippe Pozzo di Borgo\">Philippe Pozzo di Borgo<\/a><\/a><\/h2>\r\n<a href=\"https:\/\/www.parlonslamort.fr\/?page_id=730\"><img loading=\"lazy\" decoding=\"async\" width=\"500\" height=\"500\" src=\"https:\/\/www.parlonslamort.fr\/wp-content\/uploads\/2014\/10\/pozzo-di-borgo_plm.jpg\" class=\"attachment-120 size-120\" alt=\"\" size=\"120\" return=\"\" output=\"\" srcset=\"https:\/\/www.parlonslamort.fr\/wp-content\/uploads\/2014\/10\/pozzo-di-borgo_plm.jpg 500w, https:\/\/www.parlonslamort.fr\/wp-content\/uploads\/2014\/10\/pozzo-di-borgo_plm-150x150.jpg 150w, https:\/\/www.parlonslamort.fr\/wp-content\/uploads\/2014\/10\/pozzo-di-borgo_plm-300x300.jpg 300w\" sizes=\"(max-width: 500px) 100vw, 500px\" \/><\/a>\r\n\r\n<div class=\"post-excerpt\">Dans le cadre de sa campagne \"Parlons la mort\", Tugdual Derville a rencontr\u00e9 Philippe Pozzo di Borgo, t\u00e9trapl\u00e9gique dont l'histoire\u2026<\/div><\/br>\r\n<a class=\"read_more\" href=\"https:\/\/www.parlonslamort.fr\/?page_id=730\" title=\"Lire la suite  Philippe Pozzo di Borgo\">Lire la suite <\/a>\r\n<\/div>\r\n\r\n<div class=\"decrypt-list\">\r\n<h2><a href=\"https:\/\/www.parlonslamort.fr\/?page_id=735\" ><a class=\"post_title w4pl_post_title\" href=\"https:\/\/www.parlonslamort.fr\/?page_id=735\" title=\"View 10 personnalit\u00e9s sur la mort\">10 personnalit\u00e9s sur la mort<\/a><\/a><\/h2>\r\n<a href=\"https:\/\/www.parlonslamort.fr\/?page_id=735\"><img loading=\"lazy\" decoding=\"async\" width=\"500\" height=\"500\" src=\"https:\/\/www.parlonslamort.fr\/wp-content\/uploads\/2014\/10\/picasso_plm.jpg\" class=\"attachment-120 size-120\" alt=\"\" size=\"120\" return=\"\" output=\"\" srcset=\"https:\/\/www.parlonslamort.fr\/wp-content\/uploads\/2014\/10\/picasso_plm.jpg 500w, https:\/\/www.parlonslamort.fr\/wp-content\/uploads\/2014\/10\/picasso_plm-150x150.jpg 150w, https:\/\/www.parlonslamort.fr\/wp-content\/uploads\/2014\/10\/picasso_plm-300x300.jpg 300w\" sizes=\"(max-width: 500px) 100vw, 500px\" \/><\/a>\r\n\r\n<div class=\"post-excerpt\">La mort est un sujet qui nous concernent tous et sur lequel de nombreuses personnes se sont exprim\u00e9es \u00e0 travers\u2026<\/div><\/br>\r\n<a class=\"read_more\" href=\"https:\/\/www.parlonslamort.fr\/?page_id=735\" title=\"Lire la suite  10 personnalit\u00e9s sur la mort\">Lire la suite <\/a>\r\n<\/div>\n\t<\/div><!--#w4pl-inner-619-->\n<\/div><!--#w4pl-619-->\n<!--END_W4PL_List_619-->\n\u00a0<\/div><\/div>\n<\/div>\n","protected":false},"excerpt":{"rendered":"<p>Pour l\u2019homme, la conscience de sa mort est un fantastique moteur d\u2019humanisation. A l\u2019inverse, perdre de vue la mort, c\u2019est perdre le sens de la vie. <\/p>\n","protected":false},"author":2,"featured_media":674,"parent":5,"menu_order":1,"comment_status":"open","ping_status":"closed","template":"campagne.php","meta":{"footnotes":""},"class_list":["post-672","page","type-page","status-publish","has-post-thumbnail","hentry"],"yoast_head":"<!-- This site is optimized with the Yoast SEO plugin v23.4 - https:\/\/yoast.com\/wordpress\/plugins\/seo\/ -->\n<title>Enqu\u00eate sur le tabou de la mort - Parlons la Mort<\/title>\n<meta name=\"robots\" content=\"index, follow, max-snippet:-1, max-image-preview:large, max-video-preview:-1\" \/>\n<link rel=\"canonical\" href=\"https:\/\/www.parlonslamort.fr\/?page_id=672\" \/>\n<meta property=\"og:locale\" content=\"fr_FR\" \/>\n<meta property=\"og:type\" content=\"article\" \/>\n<meta property=\"og:title\" content=\"Enqu\u00eate sur le tabou de la mort - Parlons la Mort\" \/>\n<meta property=\"og:description\" content=\"Pour l\u2019homme, la conscience de sa mort est un fantastique moteur d\u2019humanisation. A l\u2019inverse, perdre de vue la mort, c\u2019est perdre le sens de la vie.\" \/>\n<meta property=\"og:url\" content=\"https:\/\/www.parlonslamort.fr\/?page_id=672\" \/>\n<meta property=\"og:site_name\" content=\"Parlons la Mort\" \/>\n<meta property=\"article:publisher\" content=\"https:\/\/www.facebook.com\/parlonslamort\" \/>\n<meta property=\"article:modified_time\" content=\"2014-10-21T21:16:17+00:00\" \/>\n<meta property=\"og:image\" content=\"https:\/\/www.parlonslamort.fr\/wp-content\/uploads\/2014\/05\/parlonslamort.jpg\" \/>\n\t<meta property=\"og:image:width\" content=\"500\" \/>\n\t<meta property=\"og:image:height\" content=\"500\" \/>\n\t<meta property=\"og:image:type\" content=\"image\/jpeg\" \/>\n<meta name=\"twitter:label1\" content=\"Dur\u00e9e de lecture estim\u00e9e\" \/>\n\t<meta name=\"twitter:data1\" content=\"3 minutes\" \/>\n<script type=\"application\/ld+json\" class=\"yoast-schema-graph\">{\"@context\":\"https:\/\/schema.org\",\"@graph\":[{\"@type\":\"WebPage\",\"@id\":\"https:\/\/www.parlonslamort.fr\/?page_id=672\",\"url\":\"https:\/\/www.parlonslamort.fr\/?page_id=672\",\"name\":\"Enqu\u00eate sur le tabou de la mort - Parlons la Mort\",\"isPartOf\":{\"@id\":\"https:\/\/www.parlonslamort.fr\/#website\"},\"primaryImageOfPage\":{\"@id\":\"https:\/\/www.parlonslamort.fr\/?page_id=672#primaryimage\"},\"image\":{\"@id\":\"https:\/\/www.parlonslamort.fr\/?page_id=672#primaryimage\"},\"thumbnailUrl\":\"https:\/\/www.parlonslamort.fr\/wp-content\/uploads\/2014\/05\/parlonslamort.jpg\",\"datePublished\":\"2014-05-21T20:23:23+00:00\",\"dateModified\":\"2014-10-21T21:16:17+00:00\",\"breadcrumb\":{\"@id\":\"https:\/\/www.parlonslamort.fr\/?page_id=672#breadcrumb\"},\"inLanguage\":\"fr-FR\",\"potentialAction\":[{\"@type\":\"ReadAction\",\"target\":[\"https:\/\/www.parlonslamort.fr\/?page_id=672\"]}]},{\"@type\":\"ImageObject\",\"inLanguage\":\"fr-FR\",\"@id\":\"https:\/\/www.parlonslamort.fr\/?page_id=672#primaryimage\",\"url\":\"https:\/\/www.parlonslamort.fr\/wp-content\/uploads\/2014\/05\/parlonslamort.jpg\",\"contentUrl\":\"https:\/\/www.parlonslamort.fr\/wp-content\/uploads\/2014\/05\/parlonslamort.jpg\",\"width\":500,\"height\":500},{\"@type\":\"BreadcrumbList\",\"@id\":\"https:\/\/www.parlonslamort.fr\/?page_id=672#breadcrumb\",\"itemListElement\":[{\"@type\":\"ListItem\",\"position\":1,\"name\":\"Accueil\",\"item\":\"https:\/\/www.parlonslamort.fr\/\"},{\"@type\":\"ListItem\",\"position\":2,\"name\":\"La campagne\",\"item\":\"https:\/\/www.parlonslamort.fr\/?page_id=5\"},{\"@type\":\"ListItem\",\"position\":3,\"name\":\"Enqu\u00eate sur le tabou de la mort\"}]},{\"@type\":\"WebSite\",\"@id\":\"https:\/\/www.parlonslamort.fr\/#website\",\"url\":\"https:\/\/www.parlonslamort.fr\/\",\"name\":\"Parlons la Mort\",\"description\":\"Qu&#039;est-ce que la mort nous dit de la vie ?\",\"potentialAction\":[{\"@type\":\"SearchAction\",\"target\":{\"@type\":\"EntryPoint\",\"urlTemplate\":\"https:\/\/www.parlonslamort.fr\/?s={search_term_string}\"},\"query-input\":{\"@type\":\"PropertyValueSpecification\",\"valueRequired\":true,\"valueName\":\"search_term_string\"}}],\"inLanguage\":\"fr-FR\"}]}<\/script>\n<!-- \/ Yoast SEO plugin. -->","yoast_head_json":{"title":"Enqu\u00eate sur le tabou de la mort - Parlons la Mort","robots":{"index":"index","follow":"follow","max-snippet":"max-snippet:-1","max-image-preview":"max-image-preview:large","max-video-preview":"max-video-preview:-1"},"canonical":"https:\/\/www.parlonslamort.fr\/?page_id=672","og_locale":"fr_FR","og_type":"article","og_title":"Enqu\u00eate sur le tabou de la mort - Parlons la Mort","og_description":"Pour l\u2019homme, la conscience de sa mort est un fantastique moteur d\u2019humanisation. A l\u2019inverse, perdre de vue la mort, c\u2019est perdre le sens de la vie.","og_url":"https:\/\/www.parlonslamort.fr\/?page_id=672","og_site_name":"Parlons la Mort","article_publisher":"https:\/\/www.facebook.com\/parlonslamort","article_modified_time":"2014-10-21T21:16:17+00:00","og_image":[{"width":500,"height":500,"url":"https:\/\/www.parlonslamort.fr\/wp-content\/uploads\/2014\/05\/parlonslamort.jpg","type":"image\/jpeg"}],"twitter_misc":{"Dur\u00e9e de lecture estim\u00e9e":"3 minutes"},"schema":{"@context":"https:\/\/schema.org","@graph":[{"@type":"WebPage","@id":"https:\/\/www.parlonslamort.fr\/?page_id=672","url":"https:\/\/www.parlonslamort.fr\/?page_id=672","name":"Enqu\u00eate sur le tabou de la mort - Parlons la Mort","isPartOf":{"@id":"https:\/\/www.parlonslamort.fr\/#website"},"primaryImageOfPage":{"@id":"https:\/\/www.parlonslamort.fr\/?page_id=672#primaryimage"},"image":{"@id":"https:\/\/www.parlonslamort.fr\/?page_id=672#primaryimage"},"thumbnailUrl":"https:\/\/www.parlonslamort.fr\/wp-content\/uploads\/2014\/05\/parlonslamort.jpg","datePublished":"2014-05-21T20:23:23+00:00","dateModified":"2014-10-21T21:16:17+00:00","breadcrumb":{"@id":"https:\/\/www.parlonslamort.fr\/?page_id=672#breadcrumb"},"inLanguage":"fr-FR","potentialAction":[{"@type":"ReadAction","target":["https:\/\/www.parlonslamort.fr\/?page_id=672"]}]},{"@type":"ImageObject","inLanguage":"fr-FR","@id":"https:\/\/www.parlonslamort.fr\/?page_id=672#primaryimage","url":"https:\/\/www.parlonslamort.fr\/wp-content\/uploads\/2014\/05\/parlonslamort.jpg","contentUrl":"https:\/\/www.parlonslamort.fr\/wp-content\/uploads\/2014\/05\/parlonslamort.jpg","width":500,"height":500},{"@type":"BreadcrumbList","@id":"https:\/\/www.parlonslamort.fr\/?page_id=672#breadcrumb","itemListElement":[{"@type":"ListItem","position":1,"name":"Accueil","item":"https:\/\/www.parlonslamort.fr\/"},{"@type":"ListItem","position":2,"name":"La campagne","item":"https:\/\/www.parlonslamort.fr\/?page_id=5"},{"@type":"ListItem","position":3,"name":"Enqu\u00eate sur le tabou de la mort"}]},{"@type":"WebSite","@id":"https:\/\/www.parlonslamort.fr\/#website","url":"https:\/\/www.parlonslamort.fr\/","name":"Parlons la Mort","description":"Qu&#039;est-ce que la mort nous dit de la vie ?","potentialAction":[{"@type":"SearchAction","target":{"@type":"EntryPoint","urlTemplate":"https:\/\/www.parlonslamort.fr\/?s={search_term_string}"},"query-input":{"@type":"PropertyValueSpecification","valueRequired":true,"valueName":"search_term_string"}}],"inLanguage":"fr-FR"}]}},"_links":{"self":[{"href":"https:\/\/www.parlonslamort.fr\/index.php?rest_route=\/wp\/v2\/pages\/672"}],"collection":[{"href":"https:\/\/www.parlonslamort.fr\/index.php?rest_route=\/wp\/v2\/pages"}],"about":[{"href":"https:\/\/www.parlonslamort.fr\/index.php?rest_route=\/wp\/v2\/types\/page"}],"author":[{"embeddable":true,"href":"https:\/\/www.parlonslamort.fr\/index.php?rest_route=\/wp\/v2\/users\/2"}],"replies":[{"embeddable":true,"href":"https:\/\/www.parlonslamort.fr\/index.php?rest_route=%2Fwp%2Fv2%2Fcomments&post=672"}],"version-history":[{"count":9,"href":"https:\/\/www.parlonslamort.fr\/index.php?rest_route=\/wp\/v2\/pages\/672\/revisions"}],"predecessor-version":[{"id":717,"href":"https:\/\/www.parlonslamort.fr\/index.php?rest_route=\/wp\/v2\/pages\/672\/revisions\/717"}],"up":[{"embeddable":true,"href":"https:\/\/www.parlonslamort.fr\/index.php?rest_route=\/wp\/v2\/pages\/5"}],"wp:featuredmedia":[{"embeddable":true,"href":"https:\/\/www.parlonslamort.fr\/index.php?rest_route=\/wp\/v2\/media\/674"}],"wp:attachment":[{"href":"https:\/\/www.parlonslamort.fr\/index.php?rest_route=%2Fwp%2Fv2%2Fmedia&parent=672"}],"curies":[{"name":"wp","href":"https:\/\/api.w.org\/{rel}","templated":true}]}}