{"id":667,"date":"2014-10-21T21:20:03","date_gmt":"2014-10-21T20:20:03","guid":{"rendered":"http:\/\/v2.parlonslamort.fr\/?page_id=667"},"modified":"2014-10-22T12:17:53","modified_gmt":"2014-10-22T11:17:53","slug":"la-mort-incite-a-la-fraternite","status":"publish","type":"page","link":"https:\/\/www.parlonslamort.fr\/?page_id=667","title":{"rendered":"Pourquoi &#8220;parlons la mort&#8221; ?"},"content":{"rendered":"<div class=\"su-row\">\n<div class=\"su-column su-column-size-1-2\"><div class=\"su-column-inner su-u-clearfix su-u-trim\">\n<h4>Tugdual DERVILLE, d\u00e9l\u00e9gu\u00e9 g\u00e9n\u00e9ral d&#8217;Alliance, initiateur et animateur du projet<\/h4>\n<p><strong>1\/ Pourquoi \u00ab parlons la mort \u00bb ? <\/strong><\/p>\n<p>\u2026Pour plus de vie ! C\u2019est ce que signifie le titre complet de notre campagne : <em>\u00ab Parlons la mort, pour la vie \u00bb<\/em>. Nous ne pr\u00e9tendions pas lever au forceps ce que le tabou sur ce concept de \u00ab mort \u00bb a d\u2019in\u00e9vitable, voire de pr\u00e9cieux, mais lib\u00e9rer une parole personnelle sur ce sujet. Nous avions l\u2019intuition qu\u2019il en na\u00eetrait quelque chose de vivant. Et nous n\u2019avons pas \u00e9t\u00e9 d\u00e9\u00e7us.<\/p>\n<p><strong>2\/ En quoi faudrait-il davantage parler de la mort ? <\/strong><\/p>\n<p>La peur, la souffrance et la peine provoqu\u00e9es par la mort dans un monde qui la consid\u00e8re avec de moins en moins de familiarit\u00e9, o\u00f9 les rites de deuil ont pratiquement tous disparu, en ont fait un sujet interdit pour beaucoup. Or, l\u2019exp\u00e9rience de notre service d\u2019\u00e9coute, <a href=\"http:\/\/www.sosfindevie.org\/\">SOS fin de vie<\/a>, nous a montr\u00e9 qu\u2019offrir aux personnes, et sp\u00e9cialement les personnes endeuill\u00e9es, un espace d\u2019\u00e9coute \u00e9tait essentiel. Il est n\u00e9cessaire de se sentir compris pour \u00eatre consol\u00e9 et retrouver des forces de vie.<\/p>\n<p><strong>3\/ La mort n\u2019est-elle pas d\u2019abord un tabou ?<\/strong><\/p>\n<p>Partiellement oui, les sociologues comme Tanguy Chatel que nous avons interrog\u00e9 nous le rappellent. Comme le soleil, soulignait Chateaubriand, on ne peut la regarder en face. Mais, en France, elle est carr\u00e9ment comme \u00e9clips\u00e9e. Au point de ressembler \u00e0 un \u00e9norme secret de famille enfoui dans l\u2019inconscient. Ce genre de secret agit comme une chape de plomb. Tout se passe comme si une conspiration du silence avait rejet\u00e9 la mort de la vie\u2026 Plus on se tait, plus un tel secret produit des effets d\u00e9vastateurs, jusqu\u2019\u00e0 entraver la capacit\u00e9 de vivre. C\u2019est l\u2019interdit mortif\u00e8re qui p\u00e8se sur la question de la mort que nous avons voulu contredire.<\/p>\n<p><strong>4\/ Aborder avec les passants un tel sujet, n\u2019est-ce pas intrusif et ind\u00e9licat ? <\/strong><\/p>\n<p>Nous pouvions le craindre. En pr\u00e9parant cette campagne, nous avons pris soin de former nos volontaires \u00e0 une \u00e9coute empathique, celle qui accueille les \u00e9motions et paroles exprim\u00e9es sans les induire ni les juger. Pour ne pas forcer l\u2019intimit\u00e9 des personnes rencontr\u00e9es, nous avons soign\u00e9 la fa\u00e7on d\u2019engager la conversation : le mot mort, trop cru s\u2019il est tout nu, a \u00e9t\u00e9 pr\u00e9sent\u00e9 dans un \u00e9crin : \u00ab Nous travaillons sur la question de la fin de vie et de la mort ; nous savons que ce sont des sujets sensibles et souvent douloureux, mais, justement, nous aurions besoin de votre exp\u00e9rience et de vos r\u00e9flexions \u00bb. Les passants ont \u00e9t\u00e9 r\u00e9ceptifs. Au-del\u00e0 de ces pr\u00e9cautions, ce sont les r\u00e9sultats qui parlent\u2026<\/p>\n<p><strong>7\/ Pourquoi, selon-vous, la mort incite \u00e0 la fraternit\u00e9 ? <\/strong><\/p>\n<p>La mort, c\u2019est notre seul patrimoine vraiment commun. Face \u00e0 la mort, nous sommes tous sur le m\u00eame pied. Les hi\u00e9rarchies sont aussit\u00f4t d\u00e9pass\u00e9es. La mort est un sujet grave mais simple : il rend d\u00e9risoire tout ce qui touche \u00e0 l\u2019apparence, \u00e0 l\u2019argent, au pouvoir. La mort n\u2019est pas seulement le seul \u00e9v\u00e8nement \u2013 avec la naissance \u2013 qui est commun \u00e0 toute personne humaine. La mort ouvre \u00e0 la fraternit\u00e9 universelle parce qu\u2019elle nous situe tous en \u00ab mortels \u00bb, c&#8217;est-\u00e0-dire en \u00eatre fragiles, finis. Et qui ont besoin les uns des autres. C\u2019est particuli\u00e8rement vrai aux deux bouts de la vie, sauf pour les promoteurs de l\u2019ut\u00e9rus artificiel et de l\u2019immortalit\u00e9.<\/p>\n<p>Penser, et parler la mort n\u00e9cessite une infinie d\u00e9licatesse, mais cela nous incite tous \u00e0 vivre de fa\u00e7on plus concentr\u00e9e, moins tr\u00e9pidante, paisible. En un mot, vraiment humaine.<\/p>\n<\/div><\/div>\n<div class=\"su-column su-column-size-1-2\"><div class=\"su-column-inner su-u-clearfix su-u-trim\"> <!--W4PL_List_619-->\n<div id=\"w4pl-list-619\" class=\"w4pl\">\n\t<div id=\"w4pl-inner-619\" class=\"w4pl-inner\">\n\t\t<div class=\"decrypt-list\">\r\n<h2><a href=\"https:\/\/www.parlonslamort.fr\/?page_id=623\" ><a class=\"post_title w4pl_post_title\" href=\"https:\/\/www.parlonslamort.fr\/?page_id=623\" title=\"View Liste des expositions dans toute la France\">Liste des expositions dans toute la France<\/a><\/a><\/h2>\r\n<a href=\"https:\/\/www.parlonslamort.fr\/?page_id=623\"><img loading=\"lazy\" decoding=\"async\" width=\"500\" height=\"500\" src=\"https:\/\/www.parlonslamort.fr\/wp-content\/uploads\/2014\/10\/exposition_parlonslamort_france.jpg\" class=\"attachment-120 size-120\" alt=\"\" size=\"120\" return=\"\" output=\"\" srcset=\"https:\/\/www.parlonslamort.fr\/wp-content\/uploads\/2014\/10\/exposition_parlonslamort_france.jpg 500w, https:\/\/www.parlonslamort.fr\/wp-content\/uploads\/2014\/10\/exposition_parlonslamort_france-150x150.jpg 150w, https:\/\/www.parlonslamort.fr\/wp-content\/uploads\/2014\/10\/exposition_parlonslamort_france-300x300.jpg 300w\" sizes=\"(max-width: 500px) 100vw, 500px\" \/><\/a>\r\n\r\n<div class=\"post-excerpt\">Cette exposition, fruit de plusieurs mois d'enqu\u00eate sur la mort aupr\u00e8s des Fran\u00e7ais, rend compte de la richesse des r\u00e9ponses\u2026<\/div><\/br>\r\n<a class=\"read_more\" href=\"https:\/\/www.parlonslamort.fr\/?page_id=623\" title=\"Lire la suite  Liste des expositions dans toute la France\">Lire la suite <\/a>\r\n<\/div>\r\n\r\n<div class=\"decrypt-list\">\r\n<h2><a href=\"https:\/\/www.parlonslamort.fr\/?page_id=657\" ><a class=\"post_title w4pl_post_title\" href=\"https:\/\/www.parlonslamort.fr\/?page_id=657\" title=\"View Qu&#8217;est ce que &#8220;parler la mort&#8221; dans notre vie ?\">Qu&#8217;est ce que &#8220;parler la mort&#8221; dans notre vie ?<\/a><\/a><\/h2>\r\n<a href=\"https:\/\/www.parlonslamort.fr\/?page_id=657\"><img loading=\"lazy\" decoding=\"async\" width=\"500\" height=\"500\" src=\"https:\/\/www.parlonslamort.fr\/wp-content\/uploads\/2014\/10\/christian_de_cacqueray.jpg\" class=\"attachment-120 size-120\" alt=\"\" size=\"120\" return=\"\" output=\"\" srcset=\"https:\/\/www.parlonslamort.fr\/wp-content\/uploads\/2014\/10\/christian_de_cacqueray.jpg 500w, https:\/\/www.parlonslamort.fr\/wp-content\/uploads\/2014\/10\/christian_de_cacqueray-150x150.jpg 150w, https:\/\/www.parlonslamort.fr\/wp-content\/uploads\/2014\/10\/christian_de_cacqueray-300x300.jpg 300w\" sizes=\"(max-width: 500px) 100vw, 500px\" \/><\/a>\r\n\r\n<div class=\"post-excerpt\">Regard de Christian de Cacqueray, auteur de \u00ab La mort confisqu\u00e9e \u00bb, sur les diff\u00e9rentes occasions de \"parler la mort\"\u2026<\/div><\/br>\r\n<a class=\"read_more\" href=\"https:\/\/www.parlonslamort.fr\/?page_id=657\" title=\"Lire la suite  Qu&#8217;est ce que &#8220;parler la mort&#8221; dans notre vie ?\">Lire la suite <\/a>\r\n<\/div>\r\n\r\n<div class=\"decrypt-list\">\r\n<h2><a href=\"https:\/\/www.parlonslamort.fr\/?page_id=667\" ><a class=\"post_title w4pl_post_title\" href=\"https:\/\/www.parlonslamort.fr\/?page_id=667\" title=\"View Pourquoi &#8220;parlons la mort&#8221; ?\">Pourquoi &#8220;parlons la mort&#8221; ?<\/a><\/a><\/h2>\r\n<a href=\"https:\/\/www.parlonslamort.fr\/?page_id=667\"><img loading=\"lazy\" decoding=\"async\" width=\"500\" height=\"500\" src=\"https:\/\/www.parlonslamort.fr\/wp-content\/uploads\/2014\/10\/tugdual_derville.jpg\" class=\"attachment-120 size-120\" alt=\"\" size=\"120\" return=\"\" output=\"\" srcset=\"https:\/\/www.parlonslamort.fr\/wp-content\/uploads\/2014\/10\/tugdual_derville.jpg 500w, https:\/\/www.parlonslamort.fr\/wp-content\/uploads\/2014\/10\/tugdual_derville-150x150.jpg 150w, https:\/\/www.parlonslamort.fr\/wp-content\/uploads\/2014\/10\/tugdual_derville-300x300.jpg 300w\" sizes=\"(max-width: 500px) 100vw, 500px\" \/><\/a>\r\n\r\n<div class=\"post-excerpt\">Nous ne pr\u00e9tendions pas lever au forceps ce que le tabou sur ce concept de \u00ab mort \u00bb a d\u2019in\u00e9vitable,\u2026<\/div><\/br>\r\n<a class=\"read_more\" href=\"https:\/\/www.parlonslamort.fr\/?page_id=667\" title=\"Lire la suite  Pourquoi &#8220;parlons la mort&#8221; ?\">Lire la suite <\/a>\r\n<\/div>\r\n\r\n<div class=\"decrypt-list\">\r\n<h2><a href=\"https:\/\/www.parlonslamort.fr\/?page_id=597\" ><a class=\"post_title w4pl_post_title\" href=\"https:\/\/www.parlonslamort.fr\/?page_id=597\" title=\"View Des mots sur des maux&#8230;\">Des mots sur des maux&#8230;<\/a><\/a><\/h2>\r\n<a href=\"https:\/\/www.parlonslamort.fr\/?page_id=597\"><img loading=\"lazy\" decoding=\"async\" width=\"500\" height=\"500\" src=\"https:\/\/www.parlonslamort.fr\/wp-content\/uploads\/2014\/10\/desmot_sur_des_mots.jpg\" class=\"attachment-120 size-120\" alt=\"\" size=\"120\" return=\"\" output=\"\" srcset=\"https:\/\/www.parlonslamort.fr\/wp-content\/uploads\/2014\/10\/desmot_sur_des_mots.jpg 500w, https:\/\/www.parlonslamort.fr\/wp-content\/uploads\/2014\/10\/desmot_sur_des_mots-150x150.jpg 150w, https:\/\/www.parlonslamort.fr\/wp-content\/uploads\/2014\/10\/desmot_sur_des_mots-300x300.jpg 300w\" sizes=\"(max-width: 500px) 100vw, 500px\" \/><\/a>\r\n\r\n<div class=\"post-excerpt\">Les personnes se r\u00e9jouissent simplement d\u2019 \u00ab avoir \u00e9t\u00e9 l\u00e0 \u00bb. Parfois \u00ab en silence \u00bb. Est-ce une fa\u00e7on de\u2026<\/div><\/br>\r\n<a class=\"read_more\" href=\"https:\/\/www.parlonslamort.fr\/?page_id=597\" title=\"Lire la suite  Des mots sur des maux&#8230;\">Lire la suite <\/a>\r\n<\/div>\r\n\r\n<div class=\"decrypt-list\">\r\n<h2><a href=\"https:\/\/www.parlonslamort.fr\/?page_id=599\" ><a class=\"post_title w4pl_post_title\" href=\"https:\/\/www.parlonslamort.fr\/?page_id=599\" title=\"View Le t\u00e9moignage \u00e9difie le t\u00e9moin\">Le t\u00e9moignage \u00e9difie le t\u00e9moin<\/a><\/a><\/h2>\r\n<a href=\"https:\/\/www.parlonslamort.fr\/?page_id=599\"><img loading=\"lazy\" decoding=\"async\" width=\"500\" height=\"500\" src=\"https:\/\/www.parlonslamort.fr\/wp-content\/uploads\/2014\/10\/t\u00e9moins_t\u00e9moignage.jpg\" class=\"attachment-120 size-120\" alt=\"\" size=\"120\" return=\"\" output=\"\" srcset=\"https:\/\/www.parlonslamort.fr\/wp-content\/uploads\/2014\/10\/t\u00e9moins_t\u00e9moignage.jpg 500w, https:\/\/www.parlonslamort.fr\/wp-content\/uploads\/2014\/10\/t\u00e9moins_t\u00e9moignage-150x150.jpg 150w, https:\/\/www.parlonslamort.fr\/wp-content\/uploads\/2014\/10\/t\u00e9moins_t\u00e9moignage-300x300.jpg 300w\" sizes=\"(max-width: 500px) 100vw, 500px\" \/><\/a>\r\n\r\n<div class=\"post-excerpt\">Ce qui a \u00e9t\u00e9 le plus difficile pour VITA, c\u2019est de surmonter nos propres peurs. Nous avons commenc\u00e9 par tester\u2026<\/div><\/br>\r\n<a class=\"read_more\" href=\"https:\/\/www.parlonslamort.fr\/?page_id=599\" title=\"Lire la suite  Le t\u00e9moignage \u00e9difie le t\u00e9moin\">Lire la suite <\/a>\r\n<\/div>\r\n\r\n<div class=\"decrypt-list\">\r\n<h2><a href=\"https:\/\/www.parlonslamort.fr\/?page_id=672\" ><a class=\"post_title w4pl_post_title\" href=\"https:\/\/www.parlonslamort.fr\/?page_id=672\" title=\"View Enqu\u00eate sur le tabou de la mort\">Enqu\u00eate sur le tabou de la mort<\/a><\/a><\/h2>\r\n<a href=\"https:\/\/www.parlonslamort.fr\/?page_id=672\"><img loading=\"lazy\" decoding=\"async\" width=\"500\" height=\"500\" src=\"https:\/\/www.parlonslamort.fr\/wp-content\/uploads\/2014\/05\/parlonslamort.jpg\" class=\"attachment-120 size-120\" alt=\"\" size=\"120\" return=\"\" output=\"\" srcset=\"https:\/\/www.parlonslamort.fr\/wp-content\/uploads\/2014\/05\/parlonslamort.jpg 500w, https:\/\/www.parlonslamort.fr\/wp-content\/uploads\/2014\/05\/parlonslamort-150x150.jpg 150w, https:\/\/www.parlonslamort.fr\/wp-content\/uploads\/2014\/05\/parlonslamort-300x300.jpg 300w\" sizes=\"(max-width: 500px) 100vw, 500px\" \/><\/a>\r\n\r\n<div class=\"post-excerpt\">Pour l\u2019homme, la conscience de sa mort est un fantastique moteur d\u2019humanisation. A l\u2019inverse, perdre de vue la mort, c\u2019est\u2026<\/div><\/br>\r\n<a class=\"read_more\" href=\"https:\/\/www.parlonslamort.fr\/?page_id=672\" title=\"Lire la suite  Enqu\u00eate sur le tabou de la mort\">Lire la suite <\/a>\r\n<\/div>\r\n\r\n<div class=\"decrypt-list\">\r\n<h2><a href=\"https:\/\/www.parlonslamort.fr\/?page_id=730\" ><a class=\"post_title w4pl_post_title\" href=\"https:\/\/www.parlonslamort.fr\/?page_id=730\" title=\"View Philippe Pozzo di Borgo\">Philippe Pozzo di Borgo<\/a><\/a><\/h2>\r\n<a href=\"https:\/\/www.parlonslamort.fr\/?page_id=730\"><img loading=\"lazy\" decoding=\"async\" width=\"500\" height=\"500\" src=\"https:\/\/www.parlonslamort.fr\/wp-content\/uploads\/2014\/10\/pozzo-di-borgo_plm.jpg\" class=\"attachment-120 size-120\" alt=\"\" size=\"120\" return=\"\" output=\"\" srcset=\"https:\/\/www.parlonslamort.fr\/wp-content\/uploads\/2014\/10\/pozzo-di-borgo_plm.jpg 500w, https:\/\/www.parlonslamort.fr\/wp-content\/uploads\/2014\/10\/pozzo-di-borgo_plm-150x150.jpg 150w, https:\/\/www.parlonslamort.fr\/wp-content\/uploads\/2014\/10\/pozzo-di-borgo_plm-300x300.jpg 300w\" sizes=\"(max-width: 500px) 100vw, 500px\" \/><\/a>\r\n\r\n<div class=\"post-excerpt\">Dans le cadre de sa campagne \"Parlons la mort\", Tugdual Derville a rencontr\u00e9 Philippe Pozzo di Borgo, t\u00e9trapl\u00e9gique dont l'histoire\u2026<\/div><\/br>\r\n<a class=\"read_more\" href=\"https:\/\/www.parlonslamort.fr\/?page_id=730\" title=\"Lire la suite  Philippe Pozzo di Borgo\">Lire la suite <\/a>\r\n<\/div>\r\n\r\n<div class=\"decrypt-list\">\r\n<h2><a href=\"https:\/\/www.parlonslamort.fr\/?page_id=735\" ><a class=\"post_title w4pl_post_title\" href=\"https:\/\/www.parlonslamort.fr\/?page_id=735\" title=\"View 10 personnalit\u00e9s sur la mort\">10 personnalit\u00e9s sur la mort<\/a><\/a><\/h2>\r\n<a href=\"https:\/\/www.parlonslamort.fr\/?page_id=735\"><img loading=\"lazy\" decoding=\"async\" width=\"500\" height=\"500\" src=\"https:\/\/www.parlonslamort.fr\/wp-content\/uploads\/2014\/10\/picasso_plm.jpg\" class=\"attachment-120 size-120\" alt=\"\" size=\"120\" return=\"\" output=\"\" srcset=\"https:\/\/www.parlonslamort.fr\/wp-content\/uploads\/2014\/10\/picasso_plm.jpg 500w, https:\/\/www.parlonslamort.fr\/wp-content\/uploads\/2014\/10\/picasso_plm-150x150.jpg 150w, https:\/\/www.parlonslamort.fr\/wp-content\/uploads\/2014\/10\/picasso_plm-300x300.jpg 300w\" sizes=\"(max-width: 500px) 100vw, 500px\" \/><\/a>\r\n\r\n<div class=\"post-excerpt\">La mort est un sujet qui nous concernent tous et sur lequel de nombreuses personnes se sont exprim\u00e9es \u00e0 travers\u2026<\/div><\/br>\r\n<a class=\"read_more\" href=\"https:\/\/www.parlonslamort.fr\/?page_id=735\" title=\"Lire la suite  10 personnalit\u00e9s sur la mort\">Lire la suite <\/a>\r\n<\/div>\n\t<\/div><!--#w4pl-inner-619-->\n<\/div><!--#w4pl-619-->\n<!--END_W4PL_List_619-->\n\u00a0<\/div><\/div>\n<\/div>\n","protected":false},"excerpt":{"rendered":"<p>Nous ne pr\u00e9tendions pas lever au forceps ce que le tabou sur ce concept de \u00ab mort \u00bb a d\u2019in\u00e9vitable, voire de pr\u00e9cieux, mais lib\u00e9rer une parole personnelle sur ce sujet. <\/p>\n","protected":false},"author":2,"featured_media":668,"parent":5,"menu_order":4,"comment_status":"open","ping_status":"closed","template":"campagne.php","meta":{"footnotes":""},"class_list":["post-667","page","type-page","status-publish","has-post-thumbnail","hentry"],"yoast_head":"<!-- This site is optimized with the Yoast SEO plugin v23.4 - https:\/\/yoast.com\/wordpress\/plugins\/seo\/ -->\n<title>Pourquoi &quot;parlons la mort&quot; ? - Parlons la Mort<\/title>\n<meta name=\"robots\" content=\"index, follow, max-snippet:-1, max-image-preview:large, max-video-preview:-1\" \/>\n<link rel=\"canonical\" href=\"https:\/\/www.parlonslamort.fr\/?page_id=667\" \/>\n<meta property=\"og:locale\" content=\"fr_FR\" \/>\n<meta property=\"og:type\" content=\"article\" \/>\n<meta property=\"og:title\" content=\"Pourquoi &quot;parlons la mort&quot; ? - Parlons la Mort\" \/>\n<meta property=\"og:description\" content=\"Nous ne pr\u00e9tendions pas lever au forceps ce que le tabou sur ce concept de \u00ab mort \u00bb a d\u2019in\u00e9vitable, voire de pr\u00e9cieux, mais lib\u00e9rer une parole personnelle sur ce sujet.\" \/>\n<meta property=\"og:url\" content=\"https:\/\/www.parlonslamort.fr\/?page_id=667\" \/>\n<meta property=\"og:site_name\" content=\"Parlons la Mort\" \/>\n<meta property=\"article:publisher\" content=\"https:\/\/www.facebook.com\/parlonslamort\" \/>\n<meta property=\"article:modified_time\" content=\"2014-10-22T11:17:53+00:00\" \/>\n<meta property=\"og:image\" content=\"https:\/\/www.parlonslamort.fr\/wp-content\/uploads\/2014\/10\/tugdual_derville.jpg\" \/>\n\t<meta property=\"og:image:width\" content=\"500\" \/>\n\t<meta property=\"og:image:height\" content=\"500\" \/>\n\t<meta property=\"og:image:type\" content=\"image\/jpeg\" \/>\n<meta name=\"twitter:label1\" content=\"Dur\u00e9e de lecture estim\u00e9e\" \/>\n\t<meta name=\"twitter:data1\" content=\"3 minutes\" \/>\n<script type=\"application\/ld+json\" class=\"yoast-schema-graph\">{\"@context\":\"https:\/\/schema.org\",\"@graph\":[{\"@type\":\"WebPage\",\"@id\":\"https:\/\/www.parlonslamort.fr\/?page_id=667\",\"url\":\"https:\/\/www.parlonslamort.fr\/?page_id=667\",\"name\":\"Pourquoi \\\"parlons la mort\\\" ? - Parlons la Mort\",\"isPartOf\":{\"@id\":\"https:\/\/www.parlonslamort.fr\/#website\"},\"primaryImageOfPage\":{\"@id\":\"https:\/\/www.parlonslamort.fr\/?page_id=667#primaryimage\"},\"image\":{\"@id\":\"https:\/\/www.parlonslamort.fr\/?page_id=667#primaryimage\"},\"thumbnailUrl\":\"https:\/\/www.parlonslamort.fr\/wp-content\/uploads\/2014\/10\/tugdual_derville.jpg\",\"datePublished\":\"2014-10-21T20:20:03+00:00\",\"dateModified\":\"2014-10-22T11:17:53+00:00\",\"breadcrumb\":{\"@id\":\"https:\/\/www.parlonslamort.fr\/?page_id=667#breadcrumb\"},\"inLanguage\":\"fr-FR\",\"potentialAction\":[{\"@type\":\"ReadAction\",\"target\":[\"https:\/\/www.parlonslamort.fr\/?page_id=667\"]}]},{\"@type\":\"ImageObject\",\"inLanguage\":\"fr-FR\",\"@id\":\"https:\/\/www.parlonslamort.fr\/?page_id=667#primaryimage\",\"url\":\"https:\/\/www.parlonslamort.fr\/wp-content\/uploads\/2014\/10\/tugdual_derville.jpg\",\"contentUrl\":\"https:\/\/www.parlonslamort.fr\/wp-content\/uploads\/2014\/10\/tugdual_derville.jpg\",\"width\":500,\"height\":500},{\"@type\":\"BreadcrumbList\",\"@id\":\"https:\/\/www.parlonslamort.fr\/?page_id=667#breadcrumb\",\"itemListElement\":[{\"@type\":\"ListItem\",\"position\":1,\"name\":\"Accueil\",\"item\":\"https:\/\/www.parlonslamort.fr\/\"},{\"@type\":\"ListItem\",\"position\":2,\"name\":\"La campagne\",\"item\":\"https:\/\/www.parlonslamort.fr\/?page_id=5\"},{\"@type\":\"ListItem\",\"position\":3,\"name\":\"Pourquoi &#8220;parlons la mort&#8221; ?\"}]},{\"@type\":\"WebSite\",\"@id\":\"https:\/\/www.parlonslamort.fr\/#website\",\"url\":\"https:\/\/www.parlonslamort.fr\/\",\"name\":\"Parlons la Mort\",\"description\":\"Qu&#039;est-ce que la mort nous dit de la vie ?\",\"potentialAction\":[{\"@type\":\"SearchAction\",\"target\":{\"@type\":\"EntryPoint\",\"urlTemplate\":\"https:\/\/www.parlonslamort.fr\/?s={search_term_string}\"},\"query-input\":{\"@type\":\"PropertyValueSpecification\",\"valueRequired\":true,\"valueName\":\"search_term_string\"}}],\"inLanguage\":\"fr-FR\"}]}<\/script>\n<!-- \/ Yoast SEO plugin. -->","yoast_head_json":{"title":"Pourquoi \"parlons la mort\" ? - Parlons la Mort","robots":{"index":"index","follow":"follow","max-snippet":"max-snippet:-1","max-image-preview":"max-image-preview:large","max-video-preview":"max-video-preview:-1"},"canonical":"https:\/\/www.parlonslamort.fr\/?page_id=667","og_locale":"fr_FR","og_type":"article","og_title":"Pourquoi \"parlons la mort\" ? - Parlons la Mort","og_description":"Nous ne pr\u00e9tendions pas lever au forceps ce que le tabou sur ce concept de \u00ab mort \u00bb a d\u2019in\u00e9vitable, voire de pr\u00e9cieux, mais lib\u00e9rer une parole personnelle sur ce sujet.","og_url":"https:\/\/www.parlonslamort.fr\/?page_id=667","og_site_name":"Parlons la Mort","article_publisher":"https:\/\/www.facebook.com\/parlonslamort","article_modified_time":"2014-10-22T11:17:53+00:00","og_image":[{"width":500,"height":500,"url":"https:\/\/www.parlonslamort.fr\/wp-content\/uploads\/2014\/10\/tugdual_derville.jpg","type":"image\/jpeg"}],"twitter_misc":{"Dur\u00e9e de lecture estim\u00e9e":"3 minutes"},"schema":{"@context":"https:\/\/schema.org","@graph":[{"@type":"WebPage","@id":"https:\/\/www.parlonslamort.fr\/?page_id=667","url":"https:\/\/www.parlonslamort.fr\/?page_id=667","name":"Pourquoi \"parlons la mort\" ? - Parlons la Mort","isPartOf":{"@id":"https:\/\/www.parlonslamort.fr\/#website"},"primaryImageOfPage":{"@id":"https:\/\/www.parlonslamort.fr\/?page_id=667#primaryimage"},"image":{"@id":"https:\/\/www.parlonslamort.fr\/?page_id=667#primaryimage"},"thumbnailUrl":"https:\/\/www.parlonslamort.fr\/wp-content\/uploads\/2014\/10\/tugdual_derville.jpg","datePublished":"2014-10-21T20:20:03+00:00","dateModified":"2014-10-22T11:17:53+00:00","breadcrumb":{"@id":"https:\/\/www.parlonslamort.fr\/?page_id=667#breadcrumb"},"inLanguage":"fr-FR","potentialAction":[{"@type":"ReadAction","target":["https:\/\/www.parlonslamort.fr\/?page_id=667"]}]},{"@type":"ImageObject","inLanguage":"fr-FR","@id":"https:\/\/www.parlonslamort.fr\/?page_id=667#primaryimage","url":"https:\/\/www.parlonslamort.fr\/wp-content\/uploads\/2014\/10\/tugdual_derville.jpg","contentUrl":"https:\/\/www.parlonslamort.fr\/wp-content\/uploads\/2014\/10\/tugdual_derville.jpg","width":500,"height":500},{"@type":"BreadcrumbList","@id":"https:\/\/www.parlonslamort.fr\/?page_id=667#breadcrumb","itemListElement":[{"@type":"ListItem","position":1,"name":"Accueil","item":"https:\/\/www.parlonslamort.fr\/"},{"@type":"ListItem","position":2,"name":"La campagne","item":"https:\/\/www.parlonslamort.fr\/?page_id=5"},{"@type":"ListItem","position":3,"name":"Pourquoi &#8220;parlons la mort&#8221; ?"}]},{"@type":"WebSite","@id":"https:\/\/www.parlonslamort.fr\/#website","url":"https:\/\/www.parlonslamort.fr\/","name":"Parlons la Mort","description":"Qu&#039;est-ce que la mort nous dit de la vie ?","potentialAction":[{"@type":"SearchAction","target":{"@type":"EntryPoint","urlTemplate":"https:\/\/www.parlonslamort.fr\/?s={search_term_string}"},"query-input":{"@type":"PropertyValueSpecification","valueRequired":true,"valueName":"search_term_string"}}],"inLanguage":"fr-FR"}]}},"_links":{"self":[{"href":"https:\/\/www.parlonslamort.fr\/index.php?rest_route=\/wp\/v2\/pages\/667"}],"collection":[{"href":"https:\/\/www.parlonslamort.fr\/index.php?rest_route=\/wp\/v2\/pages"}],"about":[{"href":"https:\/\/www.parlonslamort.fr\/index.php?rest_route=\/wp\/v2\/types\/page"}],"author":[{"embeddable":true,"href":"https:\/\/www.parlonslamort.fr\/index.php?rest_route=\/wp\/v2\/users\/2"}],"replies":[{"embeddable":true,"href":"https:\/\/www.parlonslamort.fr\/index.php?rest_route=%2Fwp%2Fv2%2Fcomments&post=667"}],"version-history":[{"count":9,"href":"https:\/\/www.parlonslamort.fr\/index.php?rest_route=\/wp\/v2\/pages\/667\/revisions"}],"predecessor-version":[{"id":754,"href":"https:\/\/www.parlonslamort.fr\/index.php?rest_route=\/wp\/v2\/pages\/667\/revisions\/754"}],"up":[{"embeddable":true,"href":"https:\/\/www.parlonslamort.fr\/index.php?rest_route=\/wp\/v2\/pages\/5"}],"wp:featuredmedia":[{"embeddable":true,"href":"https:\/\/www.parlonslamort.fr\/index.php?rest_route=\/wp\/v2\/media\/668"}],"wp:attachment":[{"href":"https:\/\/www.parlonslamort.fr\/index.php?rest_route=%2Fwp%2Fv2%2Fmedia&parent=667"}],"curies":[{"name":"wp","href":"https:\/\/api.w.org\/{rel}","templated":true}]}}